{"id":9032,"date":"2021-08-14T11:04:37","date_gmt":"2021-08-14T09:04:37","guid":{"rendered":"https:\/\/pktss.com\/?page_id=9032"},"modified":"2022-06-06T09:02:40","modified_gmt":"2022-06-06T07:02:40","slug":"javni-konkurs-za-prijem-radnika-na-upraznjena-radna-mjesta-u-skolskoj-2021-2022-godin","status":"publish","type":"page","link":"https:\/\/pktss.com\/?page_id=9032","title":{"rendered":"Javni konkurs"},"content":{"rendered":"<style type=\"text\/css\"> \n#cmsmasters_row_69f2aad1e4d3c .cmsmasters_row_outer_parent { \n\tpadding-top: 0px; \n} \n\n#cmsmasters_row_69f2aad1e4d3c .cmsmasters_row_outer_parent { \n\tpadding-bottom: 50px; \n} \n\n<\/style><div id=\"cmsmasters_row_69f2aad1e4d3c\" class=\"cmsmasters_row cmsmasters_color_scheme_default cmsmasters_row_top_default cmsmasters_row_bot_default cmsmasters_row_boxed\">\n<div class=\"cmsmasters_row_outer_parent\">\n<div class=\"cmsmasters_row_outer\">\n<div class=\"cmsmasters_row_inner\">\n<div class=\"cmsmasters_row_margin\">\n<div class=\"cmsmasters_column one_first\">\n<div class=\"cmsmasters_toggles toggles_mode_toggle\">\n<div class=\"cmsmasters_toggle_wrap\" data-tags=\"all \">\n<div class=\"cmsmasters_toggle_title\">\n<span class=\"cmsmasters_toggle_plus\">\n<span class=\"cmsmasters_toggle_plus_hor\"><\/span>\n<span class=\"cmsmasters_toggle_plus_vert\"><\/span>\n<\/span>\n<a href=\"#\">JAVNI KONKURS za prijem radnika na upra\u017enjena radna mjesta u \u0161kolskoj 2022\/2023. godini<\/a>\n<\/div>\n<div class=\"cmsmasters_toggle\">\n<div class=\"cmsmasters_toggle_inner\">\n<p><a href=\"https:\/\/pktss.com\/wp-content\/uploads\/JAVNI-KONKURS-ZA-POPUNU-UPRA\u017dNJENIH-RADNIH-MJESTA-.pdf\" class=\"pdfemb-viewer\" style=\"\" data-width=\"max\" data-height=\"max\"  data-toolbar=\"bottom\" data-toolbar-fixed=\"off\">JAVNI KONKURS ZA POPUNU UPRA\u017dNJENIH RADNIH MJESTA<br\/><\/a><\/p>\n<\/div>\n<\/div>\n<\/div><div class=\"cmsmasters_toggle_wrap\" data-tags=\"all \">\n<div class=\"cmsmasters_toggle_title\">\n<span class=\"cmsmasters_toggle_plus\">\n<span class=\"cmsmasters_toggle_plus_hor\"><\/span>\n<span class=\"cmsmasters_toggle_plus_vert\"><\/span>\n<\/span>\n<a href=\"#\">Javni poziv za dostavljanje ponude za organizaciju i realizaciju stru\u010dne<\/a>\n<\/div>\n<div class=\"cmsmasters_toggle\">\n<div class=\"cmsmasters_toggle_inner\">\n<p><img loading=\"lazy\" decoding=\"async\" class=\"alignnone size-full wp-image-9450\" src=\"https:\/\/pktss.com\/wp-content\/uploads\/Jacni-poziv-za-dostavljanje-ponude-za-organizaciju-i-realizaciju-stru\u010dne-scaled.jpeg\" alt=\"\" width=\"1861\" height=\"2560\" srcset=\"https:\/\/pktss.com\/wp-content\/uploads\/Jacni-poziv-za-dostavljanje-ponude-za-organizaciju-i-realizaciju-stru\u010dne-scaled.jpeg 1861w, https:\/\/pktss.com\/wp-content\/uploads\/Jacni-poziv-za-dostavljanje-ponude-za-organizaciju-i-realizaciju-stru\u010dne-218x300.jpeg 218w, https:\/\/pktss.com\/wp-content\/uploads\/Jacni-poziv-za-dostavljanje-ponude-za-organizaciju-i-realizaciju-stru\u010dne-745x1024.jpeg 745w, https:\/\/pktss.com\/wp-content\/uploads\/Jacni-poziv-za-dostavljanje-ponude-za-organizaciju-i-realizaciju-stru\u010dne-768x1056.jpeg 768w, https:\/\/pktss.com\/wp-content\/uploads\/Jacni-poziv-za-dostavljanje-ponude-za-organizaciju-i-realizaciju-stru\u010dne-1117x1536.jpeg 1117w, https:\/\/pktss.com\/wp-content\/uploads\/Jacni-poziv-za-dostavljanje-ponude-za-organizaciju-i-realizaciju-stru\u010dne-1489x2048.jpeg 1489w, https:\/\/pktss.com\/wp-content\/uploads\/Jacni-poziv-za-dostavljanje-ponude-za-organizaciju-i-realizaciju-stru\u010dne-580x798.jpeg 580w, https:\/\/pktss.com\/wp-content\/uploads\/Jacni-poziv-za-dostavljanje-ponude-za-organizaciju-i-realizaciju-stru\u010dne-860x1183.jpeg 860w, https:\/\/pktss.com\/wp-content\/uploads\/Jacni-poziv-za-dostavljanje-ponude-za-organizaciju-i-realizaciju-stru\u010dne-1160x1595.jpeg 1160w\" sizes=\"(max-width: 1861px) 100vw, 1861px\" \/><\/p>\n<\/div>\n<\/div>\n<\/div><div class=\"cmsmasters_toggle_wrap\" data-tags=\"all \">\n<div class=\"cmsmasters_toggle_title\">\n<span class=\"cmsmasters_toggle_plus\">\n<span class=\"cmsmasters_toggle_plus_hor\"><\/span>\n<span class=\"cmsmasters_toggle_plus_vert\"><\/span>\n<\/span>\n<a href=\"#\">JAVNI KONKURS za prijem radnika na upra\u017enjena radna mjesta u \u0161kolskoj 2021\/2022. godini<\/a>\n<\/div>\n<div class=\"cmsmasters_toggle\">\n<div class=\"cmsmasters_toggle_inner\">\n<p><a href=\"https:\/\/pktss.com\/wp-content\/uploads\/2021\/12\/JAVNI-KONKURS-ZA-POPUNU-UPRA\u017dNJENIH-RADNIH-MJESTA.pdf\" class=\"pdfemb-viewer\" style=\"\" data-width=\"max\" data-height=\"max\"  data-toolbar=\"bottom\" data-toolbar-fixed=\"off\">JAVNI KONKURS ZA POPUNU UPRA\u017dNJENIH RADNIH MJESTA<br\/><\/a><\/p>\n<\/div>\n<\/div>\n<\/div><div class=\"cmsmasters_toggle_wrap\" data-tags=\"all \">\n<div class=\"cmsmasters_toggle_title\">\n<span class=\"cmsmasters_toggle_plus\">\n<span class=\"cmsmasters_toggle_plus_hor\"><\/span>\n<span class=\"cmsmasters_toggle_plus_vert\"><\/span>\n<\/span>\n<a href=\"#\">PONI\u0160TAVA SE dio teksta Javnog konkursa za prijem radnika na upra\u017enjena radna mjesta u \u0161kolskoj 2021\/2022. godini<\/a>\n<\/div>\n<div class=\"cmsmasters_toggle\">\n<div class=\"cmsmasters_toggle_inner\">\n<p><a href=\"https:\/\/pktss.com\/wp-content\/uploads\/2021\/08\/Poni\u0161tenje-dijela-Javnog-konkursa-tekst.pdf\" class=\"pdfemb-viewer\" style=\"\" data-width=\"max\" data-height=\"max\"  data-toolbar=\"bottom\" data-toolbar-fixed=\"off\">Poni\u0161tenje dijela Javnog konkursa - tekst<br\/><\/a><\/p>\n<\/div>\n<\/div>\n<\/div><div class=\"cmsmasters_toggle_wrap\" data-tags=\"all \">\n<div class=\"cmsmasters_toggle_title\">\n<span class=\"cmsmasters_toggle_plus\">\n<span class=\"cmsmasters_toggle_plus_hor\"><\/span>\n<span class=\"cmsmasters_toggle_plus_vert\"><\/span>\n<\/span>\n<a href=\"#\">Javni konkurs za prijem radnika na upra\u017enjena radna mjesta u \u0161kolskoj 2021\/2022. godin<\/a>\n<\/div>\n<div class=\"cmsmasters_toggle\">\n<div class=\"cmsmasters_toggle_inner\">\n<p><a href=\"https:\/\/pktss.com\/wp-content\/uploads\/2021\/08\/JAVNI-KONKURS-ZA-POPUNU-UPRA\u017dNJENIH-RADNIH-MJESTA-2021.2022.pdf\" class=\"pdfemb-viewer\" style=\"\" data-width=\"max\" data-height=\"max\"  data-toolbar=\"bottom\" data-toolbar-fixed=\"off\">JAVNI KONKURS ZA POPUNU UPRA\u017dNJENIH RADNIH MJESTA - 2021.2022<br\/><\/a><\/p>\n<\/div>\n<\/div>\n<\/div><\/div>\n<\/div>\n<\/div>\n<\/div>\n<\/div>\n<\/div>\n<\/div>\n\n","protected":false},"excerpt":{"rendered":"","protected":false},"author":1,"featured_media":0,"parent":0,"menu_order":0,"comment_status":"closed","ping_status":"closed","template":"","meta":{"loftloader_page_shortcode":"","footnotes":""},"yst_prominent_words":[1415,1401,1641,1469,1402,1642,1470,1389,1383,1387,1381,1391,1385,1388,1382,1390,1384,1403,1386,1380],"yoast_head":"<!-- This site is optimized with the Yoast SEO Premium plugin v14.4.1 - https:\/\/yoast.com\/wordpress\/plugins\/seo\/ -->\n<title>Javni konkurs | Srednja poslovno-komercijalna i trgova\u010dka \u0161kola Sarajevo<\/title>\n<meta name=\"robots\" content=\"index, follow\" \/>\n<meta name=\"googlebot\" content=\"index, follow, max-snippet:-1, max-image-preview:large, max-video-preview:-1\" \/>\n<meta name=\"bingbot\" content=\"index, follow, max-snippet:-1, max-image-preview:large, max-video-preview:-1\" \/>\n<link rel=\"canonical\" href=\"https:\/\/pktss.com\/?page_id=9032\" \/>\n<meta property=\"og:locale\" content=\"en_US\" \/>\n<meta property=\"og:type\" content=\"article\" \/>\n<meta property=\"og:title\" content=\"Javni konkurs | Srednja poslovno-komercijalna i trgova\u010dka \u0161kola Sarajevo\" \/>\n<meta property=\"og:url\" content=\"https:\/\/pktss.com\/?page_id=9032\" \/>\n<meta property=\"og:site_name\" content=\"Srednja poslovno-komercijalna i trgova\u010dka \u0161kola Sarajevo\" \/>\n<meta property=\"article:publisher\" content=\"https:\/\/www.facebook.com\/pages\/category\/High-School\/JU-Srednja-poslovno-komercijalna-i-trgova%c4%8dka-%c5%a1kola-757508807718194\/\" \/>\n<meta property=\"article:modified_time\" content=\"2022-06-06T07:02:40+00:00\" \/>\n<meta property=\"og:image\" content=\"https:\/\/pktss.com\/wp-content\/uploads\/Jacni-poziv-za-dostavljanje-ponude-za-organizaciju-i-realizaciju-stru\u010dne-scaled.jpeg\" \/>\n<meta name=\"twitter:card\" content=\"summary_large_image\" \/>\n<script type=\"application\/ld+json\" class=\"yoast-schema-graph\">{\"@context\":\"https:\/\/schema.org\",\"@graph\":[{\"@type\":[\"Organization\",\"Place\"],\"@id\":\"https:\/\/pktss.com\/#organization\",\"name\":\"JU Srednja poslovno-komercijalna i trgova\\u010dka \\u0161kola Sarajevo\",\"url\":\"https:\/\/pktss.com\/\",\"sameAs\":[\"https:\/\/www.facebook.com\/pages\/category\/High-School\/JU-Srednja-poslovno-komercijalna-i-trgova\\u010dka-\\u0161kola-757508807718194\/\"],\"logo\":{\"@type\":\"ImageObject\",\"@id\":\"https:\/\/pktss.com\/#logo\",\"inLanguage\":\"en-US\",\"url\":\"https:\/\/pktss.com\/wp-content\/uploads\/2020\/06\/logo.png\",\"width\":350,\"height\":56,\"caption\":\"JU Srednja poslovno-komercijalna i trgova\\u010dka \\u0161kola Sarajevo\"},\"image\":{\"@id\":\"https:\/\/pktss.com\/#logo\"},\"location\":{\"@id\":\"https:\/\/pktss.com\/?page_id=9032#local-place\"},\"address\":{\"@id\":\"https:\/\/pktss.com\/?page_id=9032#local-place-address\"}},{\"@type\":\"WebSite\",\"@id\":\"https:\/\/pktss.com\/#website\",\"url\":\"https:\/\/pktss.com\/\",\"name\":\"Srednja poslovno-komercijalna i trgova\\u010dka \\u0161kola Sarajevo\",\"description\":\"Srednja \\u0161kola\",\"publisher\":{\"@id\":\"https:\/\/pktss.com\/#organization\"},\"potentialAction\":[{\"@type\":\"SearchAction\",\"target\":\"https:\/\/pktss.com\/?s={search_term_string}\",\"query-input\":\"required name=search_term_string\"}],\"inLanguage\":\"en-US\"},{\"@type\":\"ImageObject\",\"@id\":\"https:\/\/pktss.com\/?page_id=9032#primaryimage\",\"inLanguage\":\"en-US\",\"url\":\"https:\/\/pktss.com\/wp-content\/uploads\/Jacni-poziv-za-dostavljanje-ponude-za-organizaciju-i-realizaciju-stru\\u010dne-scaled.jpeg\",\"width\":1861,\"height\":2560},{\"@type\":\"WebPage\",\"@id\":\"https:\/\/pktss.com\/?page_id=9032#webpage\",\"url\":\"https:\/\/pktss.com\/?page_id=9032\",\"name\":\"Javni konkurs | Srednja poslovno-komercijalna i trgova\\u010dka \\u0161kola Sarajevo\",\"isPartOf\":{\"@id\":\"https:\/\/pktss.com\/#website\"},\"primaryImageOfPage\":{\"@id\":\"https:\/\/pktss.com\/?page_id=9032#primaryimage\"},\"datePublished\":\"2021-08-14T09:04:37+00:00\",\"dateModified\":\"2022-06-06T07:02:40+00:00\",\"inLanguage\":\"en-US\",\"potentialAction\":[{\"@type\":\"ReadAction\",\"target\":[\"https:\/\/pktss.com\/?page_id=9032\"]}]},{\"@type\":\"Place\",\"@id\":\"https:\/\/pktss.com\/?page_id=9032#local-place\",\"address\":{\"@type\":\"PostalAddress\",\"@id\":\"https:\/\/pktss.com\/?page_id=9032#local-place-address\",\"streetAddress\":\"\",\"addressLocality\":\"\",\"postalCode\":\"\",\"addressRegion\":\"\",\"addressCountry\":\"\"},\"geo\":{\"@type\":\"GeoCoordinates\",\"latitude\":\"\",\"longitude\":\"\"},\"openingHoursSpecification\":[{\"@type\":\"OpeningHoursSpecification\",\"dayOfWeek\":[\"Monday\",\"Tuesday\",\"Wednesday\",\"Thursday\",\"Friday\",\"Saturday\",\"Sunday\"],\"opens\":\"09:00\",\"closes\":\"17:00\"}]}]}<\/script>\n<!-- \/ Yoast SEO Premium plugin. -->","_links":{"self":[{"href":"https:\/\/pktss.com\/index.php?rest_route=\/wp\/v2\/pages\/9032"}],"collection":[{"href":"https:\/\/pktss.com\/index.php?rest_route=\/wp\/v2\/pages"}],"about":[{"href":"https:\/\/pktss.com\/index.php?rest_route=\/wp\/v2\/types\/page"}],"author":[{"embeddable":true,"href":"https:\/\/pktss.com\/index.php?rest_route=\/wp\/v2\/users\/1"}],"replies":[{"embeddable":true,"href":"https:\/\/pktss.com\/index.php?rest_route=%2Fwp%2Fv2%2Fcomments&post=9032"}],"version-history":[{"count":9,"href":"https:\/\/pktss.com\/index.php?rest_route=\/wp\/v2\/pages\/9032\/revisions"}],"predecessor-version":[{"id":9486,"href":"https:\/\/pktss.com\/index.php?rest_route=\/wp\/v2\/pages\/9032\/revisions\/9486"}],"wp:attachment":[{"href":"https:\/\/pktss.com\/index.php?rest_route=%2Fwp%2Fv2%2Fmedia&parent=9032"}],"wp:term":[{"taxonomy":"yst_prominent_words","embeddable":true,"href":"https:\/\/pktss.com\/index.php?rest_route=%2Fwp%2Fv2%2Fyst_prominent_words&post=9032"}],"curies":[{"name":"wp","href":"https:\/\/api.w.org\/{rel}","templated":true}]}}