{"id":8109,"date":"2019-02-25T07:20:05","date_gmt":"2019-02-25T07:20:05","guid":{"rendered":"https:\/\/pktss.com\/?post_type=tribe_events&#038;p=8109"},"modified":"2019-02-25T07:21:46","modified_gmt":"2019-02-25T07:21:46","slug":"dan-nezavisnosti-bosne-i-hercegovine","status":"publish","type":"tribe_events","link":"https:\/\/pktss.com\/?tribe_events=dan-nezavisnosti-bosne-i-hercegovine","title":{"rendered":"Dan nezavisnosti Bosne i Hercegovine"},"content":{"rendered":"<style type=\"text\/css\"><\/style><p><strong>1. mart<\/strong> se obilje\u017eava kao <strong>Dan nezavisnosti Bosne i Herecgovine<\/strong> jo\u0161 od 1992. godine. Naime, 29. februara i 1. marta 1992. godine, u Bosni i Hercegovini, odr\u017ean je <strong>referendum o nezavisnosti Bosne i Hercegovine od SFRJ<\/strong>. Ve\u0107ina Bosanaca i Hercegovaca izjasnila se tada pozitivno &#8211; glasali su za <strong>demokratsku i nezavisnu<\/strong> Bosnu i Hercegovinu, dr\u017eavu ravnopravnih gra\u0111ana.<\/p>\n","protected":false},"excerpt":{"rendered":"<p>1. mart se obilje\u017eava kao Dan nezavisnosti Bosne i Herecgovine jo\u0161 od 1992. godine. Naime, 29. februara i 1. marta 1992. godine, u Bosni i Hercegovini, odr\u017ean je referendum o&#8230;<\/p>\n","protected":false},"author":1,"featured_media":0,"comment_status":"open","ping_status":"closed","template":"","meta":{"loftloader_page_shortcode":"","_tribe_events_status":"","_tribe_events_status_reason":""},"tags":[],"tribe_events_cat":[],"yst_prominent_words":[],"yoast_head":"<!-- This site is optimized with the Yoast SEO Premium plugin v14.4.1 - https:\/\/yoast.com\/wordpress\/plugins\/seo\/ -->\n<title>Dan nezavisnosti Bosne i Hercegovine | Srednja poslovno-komercijalna i trgova\u010dka \u0161kola Sarajevo<\/title>\n<meta name=\"robots\" content=\"index, follow\" \/>\n<meta name=\"googlebot\" content=\"index, follow, max-snippet:-1, max-image-preview:large, max-video-preview:-1\" \/>\n<meta name=\"bingbot\" content=\"index, follow, max-snippet:-1, max-image-preview:large, max-video-preview:-1\" \/>\n<link rel=\"canonical\" href=\"https:\/\/pktss.com\/?tribe_events=dan-nezavisnosti-bosne-i-hercegovine\" \/>\n<meta property=\"og:locale\" content=\"en_US\" \/>\n<meta property=\"og:type\" content=\"article\" \/>\n<meta property=\"og:title\" content=\"Dan nezavisnosti Bosne i Hercegovine | Srednja poslovno-komercijalna i trgova\u010dka \u0161kola Sarajevo\" \/>\n<meta property=\"og:description\" content=\"1. mart se obilje\u017eava kao Dan nezavisnosti Bosne i Herecgovine jo\u0161 od 1992. godine. Naime, 29. februara i 1. marta 1992. godine, u Bosni i Hercegovini, odr\u017ean je referendum o...\" \/>\n<meta property=\"og:url\" content=\"https:\/\/pktss.com\/?tribe_events=dan-nezavisnosti-bosne-i-hercegovine\" \/>\n<meta property=\"og:site_name\" content=\"Srednja poslovno-komercijalna i trgova\u010dka \u0161kola Sarajevo\" \/>\n<meta property=\"article:publisher\" content=\"https:\/\/www.facebook.com\/pages\/category\/High-School\/JU-Srednja-poslovno-komercijalna-i-trgova%c4%8dka-%c5%a1kola-757508807718194\/\" \/>\n<meta property=\"article:modified_time\" content=\"2019-02-25T07:21:46+00:00\" \/>\n<meta name=\"twitter:card\" content=\"summary_large_image\" \/>\n<script type=\"application\/ld+json\" class=\"yoast-schema-graph\">{\"@context\":\"https:\/\/schema.org\",\"@graph\":[{\"@type\":[\"Organization\",\"Place\"],\"@id\":\"https:\/\/pktss.com\/#organization\",\"name\":\"JU Srednja poslovno-komercijalna i trgova\\u010dka \\u0161kola Sarajevo\",\"url\":\"https:\/\/pktss.com\/\",\"sameAs\":[\"https:\/\/www.facebook.com\/pages\/category\/High-School\/JU-Srednja-poslovno-komercijalna-i-trgova\\u010dka-\\u0161kola-757508807718194\/\"],\"logo\":{\"@type\":\"ImageObject\",\"@id\":\"https:\/\/pktss.com\/#logo\",\"inLanguage\":\"en-US\",\"url\":\"https:\/\/pktss.com\/wp-content\/uploads\/2020\/06\/logo.png\",\"width\":350,\"height\":56,\"caption\":\"JU Srednja poslovno-komercijalna i trgova\\u010dka \\u0161kola Sarajevo\"},\"image\":{\"@id\":\"https:\/\/pktss.com\/#logo\"},\"location\":{\"@id\":\"https:\/\/pktss.com\/?tribe_events=dan-nezavisnosti-bosne-i-hercegovine#local-place\"},\"address\":{\"@id\":\"https:\/\/pktss.com\/?tribe_events=dan-nezavisnosti-bosne-i-hercegovine#local-place-address\"}},{\"@type\":\"WebSite\",\"@id\":\"https:\/\/pktss.com\/#website\",\"url\":\"https:\/\/pktss.com\/\",\"name\":\"Srednja poslovno-komercijalna i trgova\\u010dka \\u0161kola Sarajevo\",\"description\":\"Srednja \\u0161kola\",\"publisher\":{\"@id\":\"https:\/\/pktss.com\/#organization\"},\"potentialAction\":[{\"@type\":\"SearchAction\",\"target\":\"https:\/\/pktss.com\/?s={search_term_string}\",\"query-input\":\"required name=search_term_string\"}],\"inLanguage\":\"en-US\"},{\"@type\":\"WebPage\",\"@id\":\"https:\/\/pktss.com\/?tribe_events=dan-nezavisnosti-bosne-i-hercegovine#webpage\",\"url\":\"https:\/\/pktss.com\/?tribe_events=dan-nezavisnosti-bosne-i-hercegovine\",\"name\":\"Dan nezavisnosti Bosne i Hercegovine | Srednja poslovno-komercijalna i trgova\\u010dka \\u0161kola Sarajevo\",\"isPartOf\":{\"@id\":\"https:\/\/pktss.com\/#website\"},\"datePublished\":\"2019-02-25T07:20:05+00:00\",\"dateModified\":\"2019-02-25T07:21:46+00:00\",\"inLanguage\":\"en-US\",\"potentialAction\":[{\"@type\":\"ReadAction\",\"target\":[\"https:\/\/pktss.com\/?tribe_events=dan-nezavisnosti-bosne-i-hercegovine\"]}]},{\"@type\":\"Place\",\"@id\":\"https:\/\/pktss.com\/?tribe_events=dan-nezavisnosti-bosne-i-hercegovine#local-place\",\"address\":{\"@type\":\"PostalAddress\",\"@id\":\"https:\/\/pktss.com\/?tribe_events=dan-nezavisnosti-bosne-i-hercegovine#local-place-address\",\"streetAddress\":\"\",\"addressLocality\":\"\",\"postalCode\":\"\",\"addressRegion\":\"\",\"addressCountry\":\"\"},\"geo\":{\"@type\":\"GeoCoordinates\",\"latitude\":\"\",\"longitude\":\"\"},\"openingHoursSpecification\":[{\"@type\":\"OpeningHoursSpecification\",\"dayOfWeek\":[\"Monday\",\"Tuesday\",\"Wednesday\",\"Thursday\",\"Friday\",\"Saturday\",\"Sunday\"],\"opens\":\"09:00\",\"closes\":\"17:00\"}]}]}<\/script>\n<!-- \/ Yoast SEO Premium plugin. -->","_links":{"self":[{"href":"https:\/\/pktss.com\/index.php?rest_route=\/wp\/v2\/tribe_events\/8109"}],"collection":[{"href":"https:\/\/pktss.com\/index.php?rest_route=\/wp\/v2\/tribe_events"}],"about":[{"href":"https:\/\/pktss.com\/index.php?rest_route=\/wp\/v2\/types\/tribe_events"}],"author":[{"embeddable":true,"href":"https:\/\/pktss.com\/index.php?rest_route=\/wp\/v2\/users\/1"}],"replies":[{"embeddable":true,"href":"https:\/\/pktss.com\/index.php?rest_route=%2Fwp%2Fv2%2Fcomments&post=8109"}],"version-history":[{"count":2,"href":"https:\/\/pktss.com\/index.php?rest_route=\/wp\/v2\/tribe_events\/8109\/revisions"}],"predecessor-version":[{"id":8111,"href":"https:\/\/pktss.com\/index.php?rest_route=\/wp\/v2\/tribe_events\/8109\/revisions\/8111"}],"wp:attachment":[{"href":"https:\/\/pktss.com\/index.php?rest_route=%2Fwp%2Fv2%2Fmedia&parent=8109"}],"wp:term":[{"taxonomy":"post_tag","embeddable":true,"href":"https:\/\/pktss.com\/index.php?rest_route=%2Fwp%2Fv2%2Ftags&post=8109"},{"taxonomy":"tribe_events_cat","embeddable":true,"href":"https:\/\/pktss.com\/index.php?rest_route=%2Fwp%2Fv2%2Ftribe_events_cat&post=8109"},{"taxonomy":"yst_prominent_words","embeddable":true,"href":"https:\/\/pktss.com\/index.php?rest_route=%2Fwp%2Fv2%2Fyst_prominent_words&post=8109"}],"curies":[{"name":"wp","href":"https:\/\/api.w.org\/{rel}","templated":true}]}}